{"id":271,"date":"2012-05-26T14:51:26","date_gmt":"2012-05-26T14:51:26","guid":{"rendered":"https:\/\/oncoestetica.es\/blog\/?page_id=271"},"modified":"2026-02-24T08:45:01","modified_gmt":"2026-02-24T07:45:01","slug":"efectos-de-la-quimioterapia-en-la-piel","status":"publish","type":"page","link":"https:\/\/oncoestetica.es\/blog\/index.php\/efectos-de-la-quimioterapia-en-la-piel\/","title":{"rendered":"Efectos de la Quimioterapia en la Piel."},"content":{"rendered":"<p>[et_pb_section fb_built=\u00bb1&#8243; _builder_version=\u00bb4.16&#8243; global_colors_info=\u00bb{}\u00bb][et_pb_row _builder_version=\u00bb4.16&#8243; background_size=\u00bbinitial\u00bb background_position=\u00bbtop_left\u00bb background_repeat=\u00bbrepeat\u00bb global_colors_info=\u00bb{}\u00bb][et_pb_column type=\u00bb4_4&#8243; _builder_version=\u00bb4.16&#8243; custom_padding=\u00bb|||\u00bb global_colors_info=\u00bb{}\u00bb custom_padding__hover=\u00bb|||\u00bb][et_pb_text _builder_version=\u00bb4.16&#8243; background_size=\u00bbinitial\u00bb background_position=\u00bbtop_left\u00bb background_repeat=\u00bbrepeat\u00bb global_colors_info=\u00bb{}\u00bb]<\/p>\n<p style=\"text-align: center;\"><strong>CONSEJOS PARA CUIDAR TU PIEL DURANTE UN TRATAMIENTO ONCOL\u00d3GICO. PAUTAS Y RECOMENDACIONES.<\/strong><a href=\"https:\/\/oncoestetica.es\/blog\/index.php\/efectos-de-la-quimioterapia-en-la-piel\/efectos-quimio-2\/\" rel=\"attachment wp-att-1572\"><br \/><\/a><\/p>\n<p>&nbsp;<\/p>\n<p style=\"text-align: center;\">Durante los tratamientos oncol\u00f3gicos <strong>la piel puede sufrir diversos cambios<\/strong>. \u00a0Se vuelve m\u00e1s fina y sensible y puedes notar m\u00e1s sequedad, sensibilidad e irritaciones.Cada d\u00eda atendemos a personas que desconocen la <strong>existencia de productos espec\u00edficos que son muy recomendables durante el tratamiento<\/strong>.<\/p>\n<p style=\"text-align: center;\"><a href=\"https:\/\/oncoestetica.es\/blog\/index.php\/efectos-de-la-quimioterapia-en-la-piel\/consejos-quimio\/\" rel=\"attachment wp-att-1578\"><img loading=\"lazy\" decoding=\"async\" class=\"size-medium wp-image-1578 aligncenter\" title=\"consejos-quimio\" src=\"https:\/\/oncoestetica.es\/blog\/wp-content\/uploads\/consejos-quimio-300x121.jpg\" alt=\"\" width=\"300\" height=\"121\" srcset=\"https:\/\/oncoestetica.es\/blog\/wp-content\/uploads\/consejos-quimio-300x121.jpg 300w, https:\/\/oncoestetica.es\/blog\/wp-content\/uploads\/consejos-quimio.jpg 570w\" sizes=\"auto, (max-width: 300px) 100vw, 300px\" \/><\/a><\/p>\n<p style=\"text-align: center;\"><em>&#8211;&gt; Algunas de las recomendaciones m\u00e1s importantes son &lt;&#8211;<\/em><\/p>\n<h3>1. Elige productos sin alcohol.<\/h3>\n<h3>2. No exfoliaci\u00f3n.<\/h3>\n<p><strong>No realices peelings faciales ni corporales<\/strong>. La piel se vuelve m\u00e1s fina y no conviene exfoliarla. S\u00ed es importante hidratarla y cuidarla mucho con productos que contengan agentes hidratantes y\/o avena.<\/p>\n<h3>3. Protecci\u00f3n solar adecuada todo el a\u00f1o.<\/h3>\n<p>Protege tu piel con <strong>filtros solares altos<\/strong>. No debes exponerte al sol. Aunque no nos expongamos directamente, debemos tener la piel debidamente protegida. En invierno debes aplicar cremas factor solar SPF 50 sobre las zonas expuestas para evitar la aparici\u00f3n de manchas, ya que el tratamiento favorece su aparici\u00f3n. Sobre todo necesitar\u00e1s en la cara, para la que te recomendamos crema antisolar con color. Apl\u00edcala despu\u00e9s de una hidratante a modo de maquillaje, unificar\u00e1 el tono y estar\u00e1s perfectamente protegida.<\/p>\n<h3>4. Ten especial cuidado al rascarte o frotarte<\/h3>\n<p>Ten especial cuidado al rascarte o frotarte\u00a0la piel con las manos, cepillo o esponja.<\/p>\n<h3>5. Secar bien la piel sin frotarla demasiado.<\/h3>\n<p>Secarla con peque\u00f1os golpecitos te ayudar\u00e1 a mantenerla m\u00e1s hidratada.<\/p>\n<h3>6. No conviene utilizar depiladores qu\u00edmicos.<\/h3>\n<h3>7. No es conveniente hacerse limpiezas de cutis, manicuras, etc\u2026<\/h3>\n<p>De esta forma reduces al m\u00e1ximo \u00a0el riesgo de infecci\u00f3n.<\/p>\n<h2 style=\"text-align: center;\"><span style=\"color: #800000;\">Cuidado facial<\/span><\/h2>\n<p>El <strong>cuidado diario de la piel<\/strong> consistir\u00eda en 3 fases importantes:\u00a0Limpieza, Hidrataci\u00f3n y Protecci\u00f3n<\/p>\n<h3>Limpieza<\/h3>\n<p><strong>Utiliza un limpiador suave. Sin alcohol. Existen sin detergentes.<\/strong> Te recomendamos el m\u00e1s espec\u00edfico incluso prescrito para procesos oncol\u00f3gicos. <a title=\"limpiador sesderma\" href=\"https:\/\/oncoestetica.es\/limpiadora-lipoceutical-pieles-sensibles-oncologicas\" target=\"_blank\" rel=\"noopener noreferrer\">Sensyses Classic Cleanser &#8211; limpiador SIN PARABENES<\/a> (laboratorios Sesderma) en un solo paso y con un s\u00f3lo producto limpias y cuidas tu piel sin agresiones. Incluso para las pieles extremadamente sensibles.<\/p>\n<p style=\"text-align: center;\"><a title=\"limpiador sesderma\" href=\"https:\/\/oncoestetica.es\/18-higiene-facial\" target=\"_blank\" rel=\"noopener noreferrer\">LIMPIADORES FACIALES SUAVES \u00a0&#8211; ELIGE limpiador SIN PARABENOS<\/a><\/p>\n<p><img loading=\"lazy\" decoding=\"async\" class=\"wp-image-5164 aligncenter\" src=\"https:\/\/oncoestetica.es\/blog\/wp-content\/uploads\/onc-face-cleanser-limpiador-facial-oncologico.jpg\" alt=\"\" width=\"341\" height=\"327\" srcset=\"https:\/\/oncoestetica.es\/blog\/wp-content\/uploads\/onc-face-cleanser-limpiador-facial-oncologico.jpg 440w, https:\/\/oncoestetica.es\/blog\/wp-content\/uploads\/onc-face-cleanser-limpiador-facial-oncologico-300x288.jpg 300w\" sizes=\"auto, (max-width: 341px) 100vw, 341px\" \/><\/p>\n<p>&nbsp;<\/p>\n<h3 style=\"text-align: center;\"><span style=\"color: #800000;\">Hidrataci\u00f3n<\/span><\/h3>\n<p>Te recomendamos <strong>cremas que hidraten la piel de manera suave<\/strong>. No utilices las que contengan \u00e1cidos glic\u00f3licos, retinol y similares. Producen un efecto de exfoliaci\u00f3n en la piel que podr\u00eda irritarla.Te recomendamos <a href=\"https:\/\/oncoestetica.es\/cosmetica-natural\/onc-face-cream-crema-nutritiva-oncologica.html\">CREMA HIDRATANTE Y REPARADORA CON BAOBAB<\/a> de ONC DERMOLOGY, de \u00e9ste modo aplicas hidrataci\u00f3n+antioxidante+efecto luminoso. Puede que durante el proceso notes tu piel m\u00e1s apagada y mate, por eso te conviene utilizar la vitamina-c. Son ideales los \u00a0<a href=\"https:\/\/oncoestetica.es\/15-serums-y-mascarillas\">SERUM CON VITAMINA C Y HIALURONICO.<\/a><\/p>\n<p style=\"text-align: center;\"><img loading=\"lazy\" decoding=\"async\" class=\"alignnone wp-image-4956\" src=\"https:\/\/oncoestetica.es\/blog\/wp-content\/uploads\/onc-face.png\" alt=\"onc face\" width=\"363\" height=\"283\" \/><\/p>\n<p>SERUM BIOLOGICO\u00a0HELAN CON HIALUR\u00d3NICO\u00a0 con efectos inmediatos de HIDRATACI\u00d3N PROFUNDA Y EN PIELES SENSIBLES.<\/p>\n<p style=\"text-align: center;\"><a title=\"serum apivita\" href=\"https:\/\/oncoestetica.es\/hidratacion-con-aloe-acido-hialuronico\" target=\"_blank\" rel=\"noopener noreferrer\">Hidratacion &#8211;\u00a0 Glicosaminglicanos &amp; \u00e1cido hialur\u00f3nico<\/a><\/p>\n<p style=\"text-align: center;\"><img loading=\"lazy\" decoding=\"async\" class=\"alignnone size-full wp-image-5635\" src=\"https:\/\/oncoestetica.es\/blog\/wp-content\/uploads\/helan-hidrata-jaluronico-serum-facial-superhidratante-24h-con-acido-hialuronico-y-glicosaminoglicanos.jpg\" alt=\"\" width=\"440\" height=\"422\" srcset=\"https:\/\/oncoestetica.es\/blog\/wp-content\/uploads\/helan-hidrata-jaluronico-serum-facial-superhidratante-24h-con-acido-hialuronico-y-glicosaminoglicanos.jpg 440w, https:\/\/oncoestetica.es\/blog\/wp-content\/uploads\/helan-hidrata-jaluronico-serum-facial-superhidratante-24h-con-acido-hialuronico-y-glicosaminoglicanos-300x288.jpg 300w\" sizes=\"auto, (max-width: 440px) 100vw, 440px\" \/><\/p>\n<p><span style=\"font-size: 13px;\">Si necesitas utilizar un contorno de ojos, te recomendamos IREOS crema ultrafina contorno de ojos de HELAN por su composici\u00f3n natural.\u00a0<\/span><span style=\"font-size: 13px;\">\u00a0En cuanto al contorno de ojos, prueba \u00e9ste producto org\u00e1nico para alisar las finas arrugas en el contorno de los ojos:\u00a0<a title=\"anti-arrugas-apivita\" href=\"https:\/\/oncoestetica.es\/crema-anti-arrugas-para-ojos-y-labios\" target=\"_blank\" rel=\"noopener noreferrer\">Crema Anti-Arrugas Para Ojos Y labios<\/a>\u00a0Wine Elixir<\/span><\/p>\n<p><img loading=\"lazy\" decoding=\"async\" class=\"alignnone size-full wp-image-5636 aligncenter\" src=\"https:\/\/oncoestetica.es\/blog\/wp-content\/uploads\/apivita-wine-elixir-contorno-de-ojos-y-labios.jpg\" alt=\"\" width=\"440\" height=\"422\" srcset=\"https:\/\/oncoestetica.es\/blog\/wp-content\/uploads\/apivita-wine-elixir-contorno-de-ojos-y-labios.jpg 440w, https:\/\/oncoestetica.es\/blog\/wp-content\/uploads\/apivita-wine-elixir-contorno-de-ojos-y-labios-300x288.jpg 300w\" sizes=\"auto, (max-width: 440px) 100vw, 440px\" \/><\/p>\n<p>&nbsp;<\/p>\n<h3 style=\"text-align: center;\"><span style=\"color: #800000;\">Protecci\u00f3n Solar<\/span><\/h3>\n<p>Otro de los problemas que pueden surgir son <strong>las manchas en la piel<\/strong>. Aunque existen numerosos productos en el mercado para reducirlas, no debes hacerlo sin antes <strong>consultar con tu m\u00e9dico<\/strong>. Igualmente <strong>el sol puede favorecer la aparici\u00f3n de manchas<\/strong> o el aumento de las que hayan podido aparecer previamente. Puedes prevenir las manchas con protecci\u00f3n solar alta.<\/p>\n<p><a href=\"https:\/\/oncoestetica.es\/37-proteccion-solar-oncologica\"><img loading=\"lazy\" decoding=\"async\" class=\"aligncenter wp-image-5874\" src=\"https:\/\/oncoestetica.es\/blog\/wp-content\/uploads\/apivita-bee-sun-safe-crema-facial-calmante-spf50.jpg\" alt=\"\" width=\"418\" height=\"334\" \/><\/a><\/p>\n<h2 style=\"text-align: center;\"><span style=\"color: #800000;\">CREMA SOLAR CON PROTECCI\u00d3N 50 UVA, UVB, INFRARROJOS Y LUZ AZUL<\/span><\/h2>\n<p>Las l\u00edneas solares seleccionadas en Oncoestetica tienen f\u00f3rmulas naturales como Apivita de productos biol\u00f3gicos sin parabenos.<\/p>\n<h3><strong>CONSEJO<\/strong>: Si eliges una crema de protecci\u00f3n solar con color, puedes util\u00edzala a modo de maquillaje y conseguir\u00e1s muchos m\u00e1s efectos beneficiosos en tu piel.<\/h3>\n<p>No debes exponerte al sol, y tener especial precauci\u00f3n, al menos en los 3 meses posteriores al tratamiento.<\/p>\n<p>Si te vas a exponer al sol debes tomar las debidas precauciones.\u00a0 No lo hagas en las horas de mayor intensidad solar (entre las 12.00 y las 16.00 horas) cuando vayas a salir a la calle <strong>utiliza siempre crema de alta protecci\u00f3n<\/strong> frente al sol. Para la cara te recomendamos una crema hidratante con color y factor antisolar SPF 50+. \u00a0<a title=\"Basiko SPF 50 de Cosmeclinik\" href=\"https:\/\/oncoestetica.es\/37-proteccion-solar-oncologica\" target=\"_blank\" rel=\"noopener noreferrer\">BASIKO SPF 50 de COSMECLINIK.\u00a0<\/a><\/p>\n<blockquote>\n<p style=\"text-align: center;\">Apl\u00edcala a modo de maquillaje despu\u00e9s de tu crema hidratante habitual.<\/p>\n<\/blockquote>\n<div id=\"attachment_323\" style=\"width: 310px\" class=\"wp-caption aligncenter\"><a href=\"https:\/\/oncoestetica.es\/blog\/index.php\/efectos-de-la-quimioterapia-en-la-piel\/proteccion-solar\/\" rel=\"attachment wp-att-323\"><img loading=\"lazy\" decoding=\"async\" aria-describedby=\"caption-attachment-323\" class=\"size-medium wp-image-323\" title=\"BASIKO Crema color SPF 50\" src=\"https:\/\/oncoestetica.es\/blog\/wp-content\/uploads\/proteccion-solar-300x300.jpg\" alt=\"BASIKO Crema color SPF 50\" width=\"300\" height=\"300\" srcset=\"https:\/\/oncoestetica.es\/blog\/wp-content\/uploads\/proteccion-solar-300x300.jpg 300w, https:\/\/oncoestetica.es\/blog\/wp-content\/uploads\/proteccion-solar-150x150.jpg 150w, https:\/\/oncoestetica.es\/blog\/wp-content\/uploads\/proteccion-solar.jpg 450w\" sizes=\"auto, (max-width: 300px) 100vw, 300px\" \/><\/a><p id=\"caption-attachment-323\" class=\"wp-caption-text\">BASIKO Crema color SPF 50<\/p><\/div>\n<h2 style=\"text-align: center;\"><span style=\"color: #800000;\">Cuidado Corporal<\/span><\/h2>\n<p>Existen geles de ducha, cremas corporales, desodorantes, etc\u2026 con alto porcentaje en avena, que van a <strong>hidratar y proteger tu piel de una manera espec\u00edfica<\/strong>. Recuerda que son recomendables, a ser posible, antes de comenzar el tratamiento o en el mismo inicio, as\u00ed previenes en lugar de tratar \u00e9stos efectos negativos posteriormente.<\/p>\n<p>Tambi\u00e9n son recomendables <strong>productos con PH neutro<\/strong> y sin detergentes agresivos en su composici\u00f3n.<\/p>\n<p>Te recomendamos la l\u00ednea de productos <a title=\"L\u00ednea de productos Sativa de Cosmeclinik\" href=\"https:\/\/oncoestetica.es\/familiaproducto.php?Idfamilia=14\" target=\"_blank\" rel=\"noopener noreferrer\">S\u00e1tiva de Cosmeclinik<\/a>, que est\u00e1 dedicada al cuidado de las <strong>pieles m\u00e1s sensibles<\/strong>.<\/p>\n<p>&nbsp;<\/p>\n<p>Tambi\u00e9n te recomendamos la nueva <a href=\"https:\/\/oncoestetica.es\/buscar?fc=module&amp;module=leoproductsearch&amp;controller=productsearch&amp;orderby=position&amp;orderway=desc&amp;cate=&amp;search_query=dermology\"><strong>LINEA ONC DERMOLOGY<\/strong><\/a> para el cuidado corporal durante la QUIMIOTERAPIA Y RADIOTERAPIA. Cuando lo pruebes notar\u00e1s la diferencia, textura, efecto reparador y calmante a la vez que NUTRE LA PIEL en profundidad y la repara.<\/p>\n<p><a href=\"https:\/\/oncoestetica.es\/buscar?fc=module&amp;module=leoproductsearch&amp;controller=productsearch&amp;orderby=position&amp;orderway=desc&amp;cate=&amp;search_query=dermology\"><img loading=\"lazy\" decoding=\"async\" class=\"alignnone size-full wp-image-4638\" src=\"https:\/\/oncoestetica.es\/blog\/wp-content\/uploads\/linea-cosmetica-oncologica.png\" alt=\"linea cosmetica oncologica\" width=\"687\" height=\"240\" srcset=\"https:\/\/oncoestetica.es\/blog\/wp-content\/uploads\/linea-cosmetica-oncologica.png 687w, https:\/\/oncoestetica.es\/blog\/wp-content\/uploads\/linea-cosmetica-oncologica-300x105.png 300w\" sizes=\"auto, (max-width: 687px) 100vw, 687px\" \/><\/a><\/p>\n<blockquote>\n<p style=\"text-align: center;\"><strong>Utiliza productos muy suaves para la piel de la cara<\/strong>.<\/p>\n<\/blockquote>\n<p>Hidrata y nutre la piel con productos que contengan avena, aloe, hialur\u00f3nico y Baobab. Evitar\u00e1s irritaciones, sequedad y te aportar\u00e1n un extra en luminosidad.<\/p>\n<h2 style=\"text-align: center;\"><span style=\"color: #888888;\">\u00bfQuieres m\u00e1s Informaci\u00f3n? Estos Links te interesan:<\/span><\/h2>\n<h4>&#8211;\u00a0<span style=\"font-size: 1.5em;\"><a title=\"efectos quimio en el cabello\" href=\"https:\/\/oncoestetica.es\/blog\/index.php\/efectos-de-la-quimioterapia-en-el-cabello\/\" target=\"_blank\" rel=\"noopener noreferrer\">Efectos de la Quimioterapia en el Cabello<\/a><\/span><\/h4>\n<h4>&#8211; <a title=\"efectos quimio en u\u00f1as\" href=\"https:\/\/oncoestetica.es\/blog\/index.php\/efectos-de-la-quimioterapia-en-cejas-pestanas-y-unas\/\" target=\"_blank\" rel=\"noopener noreferrer\">Efectos de la Quimioterapia en cejas, pesta\u00f1as y u\u00f1as<\/a><\/h4>\n<p>&nbsp;<\/p>\n<p>[\/et_pb_text][\/et_pb_column][\/et_pb_row][\/et_pb_section]<\/p>\n","protected":false},"excerpt":{"rendered":"<p>CONSEJOS PARA CUIDAR TU PIEL DURANTE UN TRATAMIENTO ONCOL\u00d3GICO. PAUTAS Y RECOMENDACIONES. &nbsp; Durante los tratamientos oncol\u00f3gicos la piel puede sufrir diversos cambios. \u00a0Se vuelve m\u00e1s fina y sensible y puedes notar m\u00e1s sequedad, sensibilidad e irritaciones.Cada d\u00eda atendemos a personas que desconocen la existencia de productos espec\u00edficos que son muy recomendables durante el tratamiento. [&hellip;]<\/p>\n","protected":false},"author":1,"featured_media":0,"parent":0,"menu_order":0,"comment_status":"open","ping_status":"closed","template":"","meta":{"_et_pb_use_builder":"on","_et_pb_old_content":"<p style=\"text-align: center;\"><strong>CONSEJOS PARA CUIDAR TU PIEL DURANTE UN TRATAMIENTO ONCOL\u00d3GICO. PAUTAS Y RECOMENDACIONES.<\/strong><a href=\"https:\/\/oncoestetica.es\/blog\/index.php\/efectos-de-la-quimioterapia-en-la-piel\/efectos-quimio-2\/\" rel=\"attachment wp-att-1572\">\r\n<\/a><\/p>\r\n<p style=\"text-align: center;\"><a href=\"https:\/\/oncoestetica.es\/blog\/index.php\/efectos-de-la-quimioterapia-en-la-piel\/efectos-quimio-2\/\" rel=\"attachment wp-att-1572\"><img class=\"size-medium wp-image-1572 aligncenter\" title=\"efectos-quimio\" src=\"https:\/\/oncoestetica.es\/blog\/wp-content\/uploads\/efectos-quimio1-300x209.jpg\" alt=\"\" width=\"300\" height=\"209\" \/><\/a><\/p>\r\n<p style=\"text-align: center;\">Durante los tratamientos oncol\u00f3gicos <strong>la piel puede sufrir diversos cambios<\/strong>. \u00a0Se vuelve m\u00e1s fina y sensible y puedes notar m\u00e1s sequedad, sensibilidad e irritaciones.Cada d\u00eda atendemos a personas que desconocen la <strong>existencia de productos espec\u00edficos que son muy recomendables durante el tratamiento<\/strong>.<\/p>\r\n<p style=\"text-align: center;\"><a href=\"https:\/\/oncoestetica.es\/blog\/index.php\/efectos-de-la-quimioterapia-en-la-piel\/consejos-quimio\/\" rel=\"attachment wp-att-1578\"><img class=\"size-medium wp-image-1578 aligncenter\" title=\"consejos-quimio\" src=\"https:\/\/oncoestetica.es\/blog\/wp-content\/uploads\/consejos-quimio-300x121.jpg\" alt=\"\" width=\"300\" height=\"121\" \/><\/a><\/p>\r\n<p style=\"text-align: center;\"><em>--&gt; Algunas de las recomendaciones m\u00e1s importantes son &lt;--<\/em><\/p>\r\n\r\n<h3>1. Elige productos sin alcohol.<\/h3>\r\n<h3>2. No exfoliaci\u00f3n.<\/h3>\r\n<strong>No realices peelings faciales ni corporales<\/strong>. La piel se vuelve m\u00e1s fina y no conviene exfoliarla. S\u00ed es importante hidratarla y cuidarla mucho con productos que contengan agentes hidratantes y\/o avena.\r\n<h3>3. Protecci\u00f3n solar adecuada todo el a\u00f1o.<\/h3>\r\nProtege tu piel con <strong>filtros solares altos<\/strong>. No debes exponerte al sol. Aunque no nos expongamos directamente, debemos tener la piel debidamente protegida. En invierno debes aplicar cremas factor solar SPF 50 sobre las zonas expuestas para evitar la aparici\u00f3n de manchas, ya que el tratamiento favorece su aparici\u00f3n. Sobre todo necesitar\u00e1s en la cara, para la que te recomendamos crema antisolar con color. Apl\u00edcala despu\u00e9s de una hidratante a modo de maquillaje, unificar\u00e1 el tono y estar\u00e1s perfectamente protegida.\r\n<h3>4. Ten especial cuidado al rascarte o frotarte<\/h3>\r\nTen especial cuidado al rascarte o frotarte\u00a0la piel con las manos, cepillo o esponja.\r\n<h3>5. Secar bien la piel sin frotarla demasiado.<\/h3>\r\nSecarla con peque\u00f1os golpecitos te ayudar\u00e1 a mantenerla m\u00e1s hidratada.\r\n<h3>6. No conviene utilizar depiladores qu\u00edmicos.<\/h3>\r\n<h3>7. No es conveniente hacerse limpiezas de cutis, manicuras, etc\u2026<\/h3>\r\nDe esta forma reduces al m\u00e1ximo \u00a0el riesgo de infecci\u00f3n.\r\n<h2 style=\"text-align: center;\"><span style=\"color: #800000;\">Cuidado facial<\/span><\/h2>\r\nEl <strong>cuidado diario de la piel<\/strong> consistir\u00eda en 3 fases importantes:\u00a0Limpieza, Hidrataci\u00f3n y Protecci\u00f3n\r\n<h3>Limpieza<\/h3>\r\n<strong>Utiliza un limpiador suave. Sin alcohol. Existen sin detergentes.<\/strong> Te recomendamos el m\u00e1s espec\u00edfico incluso prescrito para procesos oncol\u00f3gicos. <a title=\"limpiador sesderma\" href=\"https:\/\/oncoestetica.es\/limpiadora-lipoceutical-pieles-sensibles-oncologicas\" target=\"_blank\" rel=\"noopener noreferrer\">Sensyses Classic Cleanser - limpiador SIN PARABENES<\/a> (laboratorios Sesderma) en un solo paso y con un s\u00f3lo producto limpias y cuidas tu piel sin agresiones. Incluso para las pieles extremadamente sensibles.\r\n<p style=\"text-align: center;\"><a title=\"limpiador sesderma\" href=\"https:\/\/oncoestetica.es\/18-higiene-facial\" target=\"_blank\" rel=\"noopener noreferrer\">LIMPIADORES FACIALES SUAVES \u00a0- ELIGE limpiador SIN PARABENOS<\/a><\/p>\r\n<img class=\"wp-image-5164 aligncenter\" src=\"https:\/\/oncoestetica.es\/blog\/wp-content\/uploads\/onc-face-cleanser-limpiador-facial-oncologico.jpg\" alt=\"\" width=\"341\" height=\"327\" \/>\r\n\r\n&nbsp;\r\n<h3 style=\"text-align: center;\"><span style=\"color: #800000;\">Hidrataci\u00f3n<\/span><\/h3>\r\nTe recomendamos <strong>cremas que hidraten la piel de manera suave<\/strong>. No utilices las que contengan \u00e1cidos glic\u00f3licos, retinol y similares. Producen un efecto de exfoliaci\u00f3n en la piel que podr\u00eda irritarla.Te recomendamos <a href=\"https:\/\/oncoestetica.es\/cosmetica-natural\/onc-face-cream-crema-nutritiva-oncologica.html\">CREMA HIDRATANTE Y REPARADORA CON BAOBAB<\/a> de ONC DERMOLOGY, de \u00e9ste modo aplicas hidrataci\u00f3n+antioxidante+efecto luminoso. Puede que durante el proceso notes tu piel m\u00e1s apagada y mate, por eso te conviene utilizar la vitamina-c. Son ideales los \u00a0<a href=\"https:\/\/oncoestetica.es\/15-serums-y-mascarillas\">SERUM CON VITAMINA C Y HIALURONICO.<\/a>\r\n<p style=\"text-align: center;\"><img class=\"alignnone wp-image-4956\" src=\"https:\/\/oncoestetica.es\/blog\/wp-content\/uploads\/onc-face.png\" alt=\"onc face\" width=\"363\" height=\"283\" \/><\/p>\r\nSERUM BIOLOGICO\u00a0HELAN CON HIALUR\u00d3NICO\u00a0 con efectos inmediatos de HIDRATACI\u00d3N PROFUNDA Y EN PIELES SENSIBLES.\r\n<p style=\"text-align: center;\"><a title=\"serum apivita\" href=\"https:\/\/oncoestetica.es\/hidratacion-con-aloe-acido-hialuronico\" target=\"_blank\" rel=\"noopener noreferrer\">Hidratacion -\u00a0 Glicosaminglicanos &amp; \u00e1cido hialur\u00f3nico<\/a><\/p>\r\n<p style=\"text-align: center;\"><img class=\"alignnone size-full wp-image-5635\" src=\"https:\/\/oncoestetica.es\/blog\/wp-content\/uploads\/helan-hidrata-jaluronico-serum-facial-superhidratante-24h-con-acido-hialuronico-y-glicosaminoglicanos.jpg\" alt=\"\" width=\"440\" height=\"422\" \/><\/p>\r\n<span style=\"font-size: 13px;\">Si necesitas utilizar un contorno de ojos, te recomendamos IREOS crema ultrafina contorno de ojos de HELAN por su composici\u00f3n natural.\u00a0<\/span><span style=\"font-size: 13px;\">\u00a0En cuanto al contorno de ojos, prueba \u00e9ste producto org\u00e1nico para alisar las finas arrugas en el contorno de los ojos:\u00a0<a title=\"anti-arrugas-apivita\" href=\"https:\/\/oncoestetica.es\/crema-anti-arrugas-para-ojos-y-labios\" target=\"_blank\" rel=\"noopener noreferrer\">Crema Anti-Arrugas Para Ojos Y labios<\/a>\u00a0Wine Elixir<\/span>\r\n\r\n<img class=\"alignnone size-full wp-image-5636 aligncenter\" src=\"https:\/\/oncoestetica.es\/blog\/wp-content\/uploads\/apivita-wine-elixir-contorno-de-ojos-y-labios.jpg\" alt=\"\" width=\"440\" height=\"422\" \/>\r\n\r\n&nbsp;\r\n<h3 style=\"text-align: center;\"><span style=\"color: #800000;\">Protecci\u00f3n Solar<\/span><\/h3>\r\nOtro de los problemas que pueden surgir son <strong>las manchas en la piel<\/strong>. Aunque existen numerosos productos en el mercado para reducirlas, no debes hacerlo sin antes <strong>consultar con tu m\u00e9dico<\/strong>. Igualmente <strong>el sol puede favorecer la aparici\u00f3n de manchas<\/strong> o el aumento de las que hayan podido aparecer previamente. Puedes prevenir las manchas con protecci\u00f3n solar alta.\r\n\r\n<a href=\"https:\/\/oncoestetica.es\/37-proteccion-solar-oncologica\"><img class=\"aligncenter wp-image-5874\" src=\"https:\/\/oncoestetica.es\/blog\/wp-content\/uploads\/apivita-bee-sun-safe-crema-facial-calmante-spf50.jpg\" alt=\"\" width=\"418\" height=\"334\" \/><\/a>\r\n<h2 style=\"text-align: center;\"><span style=\"color: #800000;\">CREMA SOLAR CON PROTECCI\u00d3N 50 UVA, UVB, INFRARROJOS Y LUZ AZUL<\/span><\/h2>\r\nLas l\u00edneas solares seleccionadas en Oncoestetica tienen f\u00f3rmulas naturales como Apivita de productos biol\u00f3gicos sin parabenos.\r\n<h3><strong>CONSEJO<\/strong>: Si eliges una crema de protecci\u00f3n solar con color, puedes util\u00edzala a modo de maquillaje y conseguir\u00e1s muchos m\u00e1s efectos beneficiosos en tu piel.<\/h3>\r\nNo debes exponerte al sol, y tener especial precauci\u00f3n, al menos en los 3 meses posteriores al tratamiento.\r\n\r\nSi te vas a exponer al sol debes tomar las debidas precauciones.\u00a0 No lo hagas en las horas de mayor intensidad solar (entre las 12.00 y las 16.00 horas) cuando vayas a salir a la calle <strong>utiliza siempre crema de alta protecci\u00f3n<\/strong> frente al sol. Para la cara te recomendamos una crema hidratante con color y factor antisolar SPF 50+. \u00a0<a title=\"Basiko SPF 50 de Cosmeclinik\" href=\"https:\/\/oncoestetica.es\/37-proteccion-solar-oncologica\" target=\"_blank\" rel=\"noopener noreferrer\">BASIKO SPF 50 de COSMECLINIK.\u00a0<\/a>\r\n<blockquote>\r\n<p style=\"text-align: center;\">Apl\u00edcala a modo de maquillaje despu\u00e9s de tu crema hidratante habitual.<\/p>\r\n<\/blockquote>\r\n[caption id=\"attachment_323\" align=\"aligncenter\" width=\"300\"]<a href=\"https:\/\/oncoestetica.es\/blog\/index.php\/efectos-de-la-quimioterapia-en-la-piel\/proteccion-solar\/\" rel=\"attachment wp-att-323\"><img class=\"size-medium wp-image-323\" title=\"BASIKO Crema color SPF 50\" src=\"https:\/\/oncoestetica.es\/blog\/wp-content\/uploads\/proteccion-solar-300x300.jpg\" alt=\"BASIKO Crema color SPF 50\" width=\"300\" height=\"300\" \/><\/a> BASIKO Crema color SPF 50[\/caption]\r\n<h2 style=\"text-align: center;\"><span style=\"color: #800000;\">Cuidado Corporal<\/span><\/h2>\r\nExisten geles de ducha, cremas corporales, desodorantes, etc\u2026 con alto porcentaje en avena, que van a <strong>hidratar y proteger tu piel de una manera espec\u00edfica<\/strong>. Recuerda que son recomendables, a ser posible, antes de comenzar el tratamiento o en el mismo inicio, as\u00ed previenes en lugar de tratar \u00e9stos efectos negativos posteriormente.\r\n\r\nTambi\u00e9n son recomendables <strong>productos con PH neutro<\/strong> y sin detergentes agresivos en su composici\u00f3n.\r\n\r\nTe recomendamos la l\u00ednea de productos <a title=\"L\u00ednea de productos Sativa de Cosmeclinik\" href=\"https:\/\/oncoestetica.es\/familiaproducto.php?Idfamilia=14\" target=\"_blank\" rel=\"noopener noreferrer\">S\u00e1tiva de Cosmeclinik<\/a>, que est\u00e1 dedicada al cuidado de las <strong>pieles m\u00e1s sensibles<\/strong>.\r\n\r\n&nbsp;\r\n\r\nTambi\u00e9n te recomendamos la nueva <a href=\"https:\/\/oncoestetica.es\/buscar?fc=module&amp;module=leoproductsearch&amp;controller=productsearch&amp;orderby=position&amp;orderway=desc&amp;cate=&amp;search_query=dermology\"><strong>LINEA ONC DERMOLOGY<\/strong><\/a> para el cuidado corporal durante la QUIMIOTERAPIA Y RADIOTERAPIA. Cuando lo pruebes notar\u00e1s la diferencia, textura, efecto reparador y calmante a la vez que NUTRE LA PIEL en profundidad y la repara.\r\n\r\n<a href=\"https:\/\/oncoestetica.es\/buscar?fc=module&amp;module=leoproductsearch&amp;controller=productsearch&amp;orderby=position&amp;orderway=desc&amp;cate=&amp;search_query=dermology\"><img class=\"alignnone size-full wp-image-4638\" src=\"https:\/\/oncoestetica.es\/blog\/wp-content\/uploads\/linea-cosmetica-oncologica.png\" alt=\"linea cosmetica oncologica\" width=\"687\" height=\"240\" \/><\/a>\r\n<blockquote>\r\n<p style=\"text-align: center;\"><strong>Utiliza productos muy suaves para la piel de la cara<\/strong>.<\/p>\r\n<\/blockquote>\r\nHidrata y nutre la piel con productos que contengan avena, aloe, hialur\u00f3nico y Baobab. Evitar\u00e1s irritaciones, sequedad y te aportar\u00e1n un extra en luminosidad.\r\n<h2 style=\"text-align: center;\"><span style=\"color: #888888;\">\u00bfQuieres m\u00e1s Informaci\u00f3n? Estos Links te interesan:<\/span><\/h2>\r\n<h4>-\u00a0<span style=\"font-size: 1.5em;\"><a title=\"efectos quimio en el cabello\" href=\"https:\/\/oncoestetica.es\/blog\/index.php\/efectos-de-la-quimioterapia-en-el-cabello\/\" target=\"_blank\" rel=\"noopener noreferrer\">Efectos de la Quimioterapia en el Cabello<\/a><\/span><\/h4>\r\n<h4>- <a title=\"efectos quimio en u\u00f1as\" href=\"https:\/\/oncoestetica.es\/blog\/index.php\/efectos-de-la-quimioterapia-en-cejas-pestanas-y-unas\/\" target=\"_blank\" rel=\"noopener noreferrer\">Efectos de la Quimioterapia en cejas, pesta\u00f1as y u\u00f1as<\/a><\/h4>\r\n&nbsp;","_et_gb_content_width":"","footnotes":""},"class_list":["post-271","page","type-page","status-publish","hentry"],"_links":{"self":[{"href":"https:\/\/oncoestetica.es\/blog\/index.php\/wp-json\/wp\/v2\/pages\/271","targetHints":{"allow":["GET"]}}],"collection":[{"href":"https:\/\/oncoestetica.es\/blog\/index.php\/wp-json\/wp\/v2\/pages"}],"about":[{"href":"https:\/\/oncoestetica.es\/blog\/index.php\/wp-json\/wp\/v2\/types\/page"}],"author":[{"embeddable":true,"href":"https:\/\/oncoestetica.es\/blog\/index.php\/wp-json\/wp\/v2\/users\/1"}],"replies":[{"embeddable":true,"href":"https:\/\/oncoestetica.es\/blog\/index.php\/wp-json\/wp\/v2\/comments?post=271"}],"version-history":[{"count":44,"href":"https:\/\/oncoestetica.es\/blog\/index.php\/wp-json\/wp\/v2\/pages\/271\/revisions"}],"predecessor-version":[{"id":6033,"href":"https:\/\/oncoestetica.es\/blog\/index.php\/wp-json\/wp\/v2\/pages\/271\/revisions\/6033"}],"wp:attachment":[{"href":"https:\/\/oncoestetica.es\/blog\/index.php\/wp-json\/wp\/v2\/media?parent=271"}],"curies":[{"name":"wp","href":"https:\/\/api.w.org\/{rel}","templated":true}]}}